{"version":"1.0","provider_name":"Hudo Slovenija","provider_url":"https:\/\/hudo.com\/si","author_name":"A. P., STA","author_url":"https:\/\/hudo.com\/si\/author\/lubu\/","title":"Po\u017ear iz \u010crne gore se je raz\u0161iril na Hrva\u0161ko - Hudo Slovenija","type":"rich","width":600,"height":338,"html":"<blockquote class=\"wp-embedded-content\" data-secret=\"u7hufyrAHh\"><a href=\"https:\/\/hudo.com\/si\/aktualno\/pozar-iz-crne-gore-se-je-razsiril-na-hrvasko\/\">Po\u017ear iz \u010crne gore se je raz\u0161iril na Hrva\u0161ko<\/a><\/blockquote><iframe sandbox=\"allow-scripts\" security=\"restricted\" src=\"https:\/\/hudo.com\/si\/aktualno\/pozar-iz-crne-gore-se-je-razsiril-na-hrvasko\/embed\/#?secret=u7hufyrAHh\" width=\"600\" height=\"338\" title=\"&#8220;Po\u017ear iz \u010crne gore se je raz\u0161iril na Hrva\u0161ko&#8221; &#8212; Hudo Slovenija\" data-secret=\"u7hufyrAHh\" frameborder=\"0\" marginwidth=\"0\" marginheight=\"0\" scrolling=\"no\" class=\"wp-embedded-content\"><\/iframe><script type=\"text\/javascript\">\n\/* <![CDATA[ *\/\n\/*! This file is auto-generated *\/\n!function(d,l){\"use strict\";l.querySelector&&d.addEventListener&&\"undefined\"!=typeof URL&&(d.wp=d.wp||{},d.wp.receiveEmbedMessage||(d.wp.receiveEmbedMessage=function(e){var t=e.data;if((t||t.secret||t.message||t.value)&&!\/[^a-zA-Z0-9]\/.test(t.secret)){for(var s,r,n,a=l.querySelectorAll('iframe[data-secret=\"'+t.secret+'\"]'),o=l.querySelectorAll('blockquote[data-secret=\"'+t.secret+'\"]'),c=new RegExp(\"^https?:$\",\"i\"),i=0;i<o.length;i++)o[i].style.display=\"none\";for(i=0;i<a.length;i++)s=a[i],e.source===s.contentWindow&&(s.removeAttribute(\"style\"),\"height\"===t.message?(1e3<(r=parseInt(t.value,10))?r=1e3:~~r<200&&(r=200),s.height=r):\"link\"===t.message&&(r=new URL(s.getAttribute(\"src\")),n=new URL(t.value),c.test(n.protocol))&&n.host===r.host&&l.activeElement===s&&(d.top.location.href=t.value))}},d.addEventListener(\"message\",d.wp.receiveEmbedMessage,!1),l.addEventListener(\"DOMContentLoaded\",function(){for(var e,t,s=l.querySelectorAll(\"iframe.wp-embedded-content\"),r=0;r<s.length;r++)(t=(e=s[r]).getAttribute(\"data-secret\"))||(t=Math.random().toString(36).substring(2,12),e.src+=\"#?secret=\"+t,e.setAttribute(\"data-secret\",t)),e.contentWindow.postMessage({message:\"ready\",secret:t},\"*\")},!1)))}(window,document);\n\/* ]]> *\/\n<\/script>\n","thumbnail_url":"https:\/\/hudo.com\/si\/wp-content\/uploads\/sites\/2\/2017\/07\/profimedia-0342303593.jpg","thumbnail_width":1250,"thumbnail_height":832,"description":"Hrva\u0161ka gasilska letala danes gasijo po\u017ear na skrajnem jugu Hrva\u0161ke, ki se je v sredo zve\u010der raz\u0161iril iz \u010crne gore na Hrva\u0161ko pri Konavlih. Po\u017ear je zajel pribli\u017eno 250 hektarjev povr\u0161ine, od tega je petina na hrva\u0161ki strani meje. Iz Splita so medtem sporo\u010dili, da so lokalizirali vse po\u017eare, ki so od nedelje divjali med Omi\u0161em in Splitom."}