{"version":"1.0","provider_name":"Hudo Slovenija","provider_url":"https:\/\/hudo.com\/si","author_name":"hudo","author_url":"https:\/\/hudo.com\/si\/author\/hudo\/","title":"Uro\u0161 Bregar: Ponosen sem na svoja dekleta - Hudo Slovenija","type":"rich","width":600,"height":338,"html":"<blockquote class=\"wp-embedded-content\" data-secret=\"pvknRvx4LC\"><a href=\"https:\/\/hudo.com\/si\/aktualno\/uros-bregar-ponosen-sem-na-svoja-dekleta\/\">Uro\u0161 Bregar: Ponosen sem na svoja dekleta<\/a><\/blockquote><iframe sandbox=\"allow-scripts\" security=\"restricted\" src=\"https:\/\/hudo.com\/si\/aktualno\/uros-bregar-ponosen-sem-na-svoja-dekleta\/embed\/#?secret=pvknRvx4LC\" width=\"600\" height=\"338\" title=\"&#8220;Uro\u0161 Bregar: Ponosen sem na svoja dekleta&#8221; &#8212; Hudo Slovenija\" data-secret=\"pvknRvx4LC\" frameborder=\"0\" marginwidth=\"0\" marginheight=\"0\" scrolling=\"no\" class=\"wp-embedded-content\"><\/iframe><script type=\"text\/javascript\">\n\/* <![CDATA[ *\/\n\/*! This file is auto-generated *\/\n!function(d,l){\"use strict\";l.querySelector&&d.addEventListener&&\"undefined\"!=typeof URL&&(d.wp=d.wp||{},d.wp.receiveEmbedMessage||(d.wp.receiveEmbedMessage=function(e){var t=e.data;if((t||t.secret||t.message||t.value)&&!\/[^a-zA-Z0-9]\/.test(t.secret)){for(var s,r,n,a=l.querySelectorAll('iframe[data-secret=\"'+t.secret+'\"]'),o=l.querySelectorAll('blockquote[data-secret=\"'+t.secret+'\"]'),c=new RegExp(\"^https?:$\",\"i\"),i=0;i<o.length;i++)o[i].style.display=\"none\";for(i=0;i<a.length;i++)s=a[i],e.source===s.contentWindow&&(s.removeAttribute(\"style\"),\"height\"===t.message?(1e3<(r=parseInt(t.value,10))?r=1e3:~~r<200&&(r=200),s.height=r):\"link\"===t.message&&(r=new URL(s.getAttribute(\"src\")),n=new URL(t.value),c.test(n.protocol))&&n.host===r.host&&l.activeElement===s&&(d.top.location.href=t.value))}},d.addEventListener(\"message\",d.wp.receiveEmbedMessage,!1),l.addEventListener(\"DOMContentLoaded\",function(){for(var e,t,s=l.querySelectorAll(\"iframe.wp-embedded-content\"),r=0;r<s.length;r++)(t=(e=s[r]).getAttribute(\"data-secret\"))||(t=Math.random().toString(36).substring(2,12),e.src+=\"#?secret=\"+t,e.setAttribute(\"data-secret\",t)),e.contentWindow.postMessage({message:\"ready\",secret:t},\"*\")},!1)))}(window,document);\n\/* ]]> *\/\n<\/script>\n","description":"Kategorija: Rokomet Mon, 11 Dec 2017 18:55:00 +0100 Leipzig - Selektor \u017eenske rokometne reprezentance Uro\u0161 Bregar slovo Slovenk od svetovnega prvenstva v Nem\u010diji ni zavil v dekorativni papir in na vrhu zavezal okrasno pentljo, realno je priznal, da njegove varovanke na nedeljski tekmi osmine finala v Leipzigu enostavno niso bile konkuren\u010dne \u0160vedinjam. \"Na tekmi proti \u0160vedinjam smo bili zelo medli v napadu. Nina Zuli\u0107 in Tja\u0161a Stanko sta bili neprepoznavni. \u0160epala je \u017ee sama organizacija na\u0161e igre, \u0160vedinje so izjemno dobro pokrile Ano Gros, ob tem pa smo zgre\u0161ili nekaj \u010distih strelov iz krilnih polo\u017eajev. Glede na celotno na\u0161o predstavo v prvi polovici tekme smo imeli \u0161e sprejemljiv zaostanek \u0161estih golov. V drugem pol\u010dasu smo hoteli narediti preobrat, a nam je zmanjkalo energije. Za mojo mlado in neizku\u0161eno zasedbo je bilo prvenstvo zelo dolgo in naporno, \u0161est tekem v\u00a0...","thumbnail_url":"https:\/\/hudo.com\/si\/wp-content\/uploads\/sites\/2\/2017\/12\/480x290_AFP_Photo-20171210215304-28213600.jpeg","thumbnail_width":480,"thumbnail_height":290}