{"version":"1.0","provider_name":"Hudo Slovenija","provider_url":"https:\/\/hudo.com\/si","author_name":"hudo","author_url":"https:\/\/hudo.com\/si\/author\/hudo\/","title":"Brez kvalifikacij v Katarju, s prvega mesta Vi\u00f1ales - Hudo Slovenija","type":"rich","width":600,"height":338,"html":"<blockquote class=\"wp-embedded-content\" data-secret=\"qTufNzEKKs\"><a href=\"https:\/\/hudo.com\/si\/aktualno\/brez-kvalifikacij-v-katarju-s-prvega-mesta-vinales\/\">Brez kvalifikacij v Katarju, s prvega mesta Vi\u00f1ales<\/a><\/blockquote><iframe sandbox=\"allow-scripts\" security=\"restricted\" src=\"https:\/\/hudo.com\/si\/aktualno\/brez-kvalifikacij-v-katarju-s-prvega-mesta-vinales\/embed\/#?secret=qTufNzEKKs\" width=\"600\" height=\"338\" title=\"&#8220;Brez kvalifikacij v Katarju, s prvega mesta Vi\u00f1ales&#8221; &#8212; Hudo Slovenija\" data-secret=\"qTufNzEKKs\" frameborder=\"0\" marginwidth=\"0\" marginheight=\"0\" scrolling=\"no\" class=\"wp-embedded-content\"><\/iframe><script type=\"text\/javascript\">\n\/* <![CDATA[ *\/\n\/*! This file is auto-generated *\/\n!function(d,l){\"use strict\";l.querySelector&&d.addEventListener&&\"undefined\"!=typeof URL&&(d.wp=d.wp||{},d.wp.receiveEmbedMessage||(d.wp.receiveEmbedMessage=function(e){var t=e.data;if((t||t.secret||t.message||t.value)&&!\/[^a-zA-Z0-9]\/.test(t.secret)){for(var s,r,n,a=l.querySelectorAll('iframe[data-secret=\"'+t.secret+'\"]'),o=l.querySelectorAll('blockquote[data-secret=\"'+t.secret+'\"]'),c=new RegExp(\"^https?:$\",\"i\"),i=0;i<o.length;i++)o[i].style.display=\"none\";for(i=0;i<a.length;i++)s=a[i],e.source===s.contentWindow&&(s.removeAttribute(\"style\"),\"height\"===t.message?(1e3<(r=parseInt(t.value,10))?r=1e3:~~r<200&&(r=200),s.height=r):\"link\"===t.message&&(r=new URL(s.getAttribute(\"src\")),n=new URL(t.value),c.test(n.protocol))&&n.host===r.host&&l.activeElement===s&&(d.top.location.href=t.value))}},d.addEventListener(\"message\",d.wp.receiveEmbedMessage,!1),l.addEventListener(\"DOMContentLoaded\",function(){for(var e,t,s=l.querySelectorAll(\"iframe.wp-embedded-content\"),r=0;r<s.length;r++)(t=(e=s[r]).getAttribute(\"data-secret\"))||(t=Math.random().toString(36).substring(2,12),e.src+=\"#?secret=\"+t,e.setAttribute(\"data-secret\",t)),e.contentWindow.postMessage({message:\"ready\",secret:t},\"*\")},!1)))}(window,document);\n\/* ]]> *\/\n<\/script>\n","description":"Kategorija: Avtomoto Sat, 25 Mar 2017 21:59:00 +0100 Doha - Novinec v ekipi Yamahe Maverick Vi\u00f1ales bo nedeljsko motociklisti\u010dno dirko v Katarju, uvodno preizku\u0161njo svetovnega prvenstva 2017, za\u010del s prvega mesta. Kvalifikacije so sicer zaradi mo\u010dnega de\u017eja odpovedali, so pa upo\u0161tevali dose\u017eke s treningov. Z drugega mesta bo startal Italijan Andrea Iannone, s tretjega pa svetovni prvak Marc Marquez. Motociklistom, zbranim na uvodni postaji nove sezone svetovnega prvenstva v Losailu, je na\u010drte prekri\u017eal de\u017e. Zaradi nenavadnega vremena in mo\u010dnega naliva so morali najprej spremeniti urnik dana\u0161njih kvalifikacij, pozneje pa so jih zaradi varnosti, na nekaterih delih proge je stoje\u010da voda pomenila dodatno nevarnost za motocikliste, odpovedali in za sestavo startnega seznama za nedeljsko dirko uporabili se\u0161tevke \u010dasov treningov. Za Vi\u00f1alesom, ki je \u017ee v pripravah na sezono opozarjal nase z dose\u017eki in hitrimi \u010dasi, sta se uvrstila Italijan Andrea Iannone\u00a0...","thumbnail_url":"https:\/\/hudo.com\/si\/wp-content\/uploads\/sites\/2\/2017\/03\/480x290_AFP_Photo-20170325175323-71614400.jpeg","thumbnail_width":480,"thumbnail_height":290}