{"version":"1.0","provider_name":"Hudo Slovenija","provider_url":"https:\/\/hudo.com\/si","author_name":"A. G., STA","author_url":"https:\/\/hudo.com\/si\/author\/alenka\/","title":"Jan\u0161a: To\u017eba za odvzem premo\u017eenja vsebinsko zlagana, odlo\u010ditev sodi\u0161\u010da pa samoumevna - Hudo Slovenija","type":"rich","width":600,"height":338,"html":"<blockquote class=\"wp-embedded-content\" data-secret=\"uiBoLpO1X5\"><a href=\"https:\/\/hudo.com\/si\/aktualno\/jansa-tozba-za-odvzem-premozenja-vsebinsko-zlagana-odlocitev-sodisca-pa-samoumevna\/\">Jan\u0161a: To\u017eba za odvzem premo\u017eenja vsebinsko zlagana, odlo\u010ditev sodi\u0161\u010da pa samoumevna<\/a><\/blockquote><iframe sandbox=\"allow-scripts\" security=\"restricted\" src=\"https:\/\/hudo.com\/si\/aktualno\/jansa-tozba-za-odvzem-premozenja-vsebinsko-zlagana-odlocitev-sodisca-pa-samoumevna\/embed\/#?secret=uiBoLpO1X5\" width=\"600\" height=\"338\" title=\"&#8220;Jan\u0161a: To\u017eba za odvzem premo\u017eenja vsebinsko zlagana, odlo\u010ditev sodi\u0161\u010da pa samoumevna&#8221; &#8212; Hudo Slovenija\" data-secret=\"uiBoLpO1X5\" frameborder=\"0\" marginwidth=\"0\" marginheight=\"0\" scrolling=\"no\" class=\"wp-embedded-content\"><\/iframe><script type=\"text\/javascript\">\n\/* <![CDATA[ *\/\n\/*! This file is auto-generated *\/\n!function(d,l){\"use strict\";l.querySelector&&d.addEventListener&&\"undefined\"!=typeof URL&&(d.wp=d.wp||{},d.wp.receiveEmbedMessage||(d.wp.receiveEmbedMessage=function(e){var t=e.data;if((t||t.secret||t.message||t.value)&&!\/[^a-zA-Z0-9]\/.test(t.secret)){for(var s,r,n,a=l.querySelectorAll('iframe[data-secret=\"'+t.secret+'\"]'),o=l.querySelectorAll('blockquote[data-secret=\"'+t.secret+'\"]'),c=new RegExp(\"^https?:$\",\"i\"),i=0;i<o.length;i++)o[i].style.display=\"none\";for(i=0;i<a.length;i++)s=a[i],e.source===s.contentWindow&&(s.removeAttribute(\"style\"),\"height\"===t.message?(1e3<(r=parseInt(t.value,10))?r=1e3:~~r<200&&(r=200),s.height=r):\"link\"===t.message&&(r=new URL(s.getAttribute(\"src\")),n=new URL(t.value),c.test(n.protocol))&&n.host===r.host&&l.activeElement===s&&(d.top.location.href=t.value))}},d.addEventListener(\"message\",d.wp.receiveEmbedMessage,!1),l.addEventListener(\"DOMContentLoaded\",function(){for(var e,t,s=l.querySelectorAll(\"iframe.wp-embedded-content\"),r=0;r<s.length;r++)(t=(e=s[r]).getAttribute(\"data-secret\"))||(t=Math.random().toString(36).substring(2,12),e.src+=\"#?secret=\"+t,e.setAttribute(\"data-secret\",t)),e.contentWindow.postMessage({message:\"ready\",secret:t},\"*\")},!1)))}(window,document);\n\/* ]]> *\/\n<\/script>\n","thumbnail_url":"https:\/\/hudo.com\/si\/wp-content\/uploads\/sites\/2\/2017\/12\/profimedia-0233288653.jpg","thumbnail_width":1250,"thumbnail_height":958,"description":"Predsednik SDS Janez Jan\u0161a je v odzivu na odlo\u010ditev sodi\u0161\u010da v postopku za odvzem premo\u017eenja nezakonitega izvora zapisal, da je \"to\u017eba za odvzem mojega premo\u017eenja oziroma doma moji dru\u017eini vsebinsko zlagana, formalno pa brezpredmetna\". Odlo\u010ditev sodi\u0161\u010da, ki je zavrnilo vpis zaznamb dr\u017eave na njegovem premo\u017eenju, je po njegovih besedah samoumevna."}