{"version":"1.0","provider_name":"Hudo Slovenija","provider_url":"https:\/\/hudo.com\/si","author_name":"hudo","author_url":"https:\/\/hudo.com\/si\/author\/hudo\/","title":"Evropska \u00bbre\u0161itev\u00ab: zapori, deportacije, nasilje - Hudo Slovenija","type":"rich","width":600,"height":338,"html":"<blockquote class=\"wp-embedded-content\" data-secret=\"HDVX1ouNHC\"><a href=\"https:\/\/hudo.com\/si\/aktualno\/evropska-resitev-zapori-deportacije-nasilje\/\">Evropska \u00bbre\u0161itev\u00ab: zapori, deportacije, nasilje<\/a><\/blockquote><iframe sandbox=\"allow-scripts\" security=\"restricted\" src=\"https:\/\/hudo.com\/si\/aktualno\/evropska-resitev-zapori-deportacije-nasilje\/embed\/#?secret=HDVX1ouNHC\" width=\"600\" height=\"338\" title=\"&#8220;Evropska \u00bbre\u0161itev\u00ab: zapori, deportacije, nasilje&#8221; &#8212; Hudo Slovenija\" data-secret=\"HDVX1ouNHC\" frameborder=\"0\" marginwidth=\"0\" marginheight=\"0\" scrolling=\"no\" class=\"wp-embedded-content\"><\/iframe><script type=\"text\/javascript\">\n\/* <![CDATA[ *\/\n\/*! This file is auto-generated *\/\n!function(d,l){\"use strict\";l.querySelector&&d.addEventListener&&\"undefined\"!=typeof URL&&(d.wp=d.wp||{},d.wp.receiveEmbedMessage||(d.wp.receiveEmbedMessage=function(e){var t=e.data;if((t||t.secret||t.message||t.value)&&!\/[^a-zA-Z0-9]\/.test(t.secret)){for(var s,r,n,a=l.querySelectorAll('iframe[data-secret=\"'+t.secret+'\"]'),o=l.querySelectorAll('blockquote[data-secret=\"'+t.secret+'\"]'),c=new RegExp(\"^https?:$\",\"i\"),i=0;i<o.length;i++)o[i].style.display=\"none\";for(i=0;i<a.length;i++)s=a[i],e.source===s.contentWindow&&(s.removeAttribute(\"style\"),\"height\"===t.message?(1e3<(r=parseInt(t.value,10))?r=1e3:~~r<200&&(r=200),s.height=r):\"link\"===t.message&&(r=new URL(s.getAttribute(\"src\")),n=new URL(t.value),c.test(n.protocol))&&n.host===r.host&&l.activeElement===s&&(d.top.location.href=t.value))}},d.addEventListener(\"message\",d.wp.receiveEmbedMessage,!1),l.addEventListener(\"DOMContentLoaded\",function(){for(var e,t,s=l.querySelectorAll(\"iframe.wp-embedded-content\"),r=0;r<s.length;r++)(t=(e=s[r]).getAttribute(\"data-secret\"))||(t=Math.random().toString(36).substring(2,12),e.src+=\"#?secret=\"+t,e.setAttribute(\"data-secret\",t)),e.contentWindow.postMessage({message:\"ready\",secret:t},\"*\")},!1)))}(window,document);\n\/* ]]> *\/\n<\/script>\n","description":"Kategorija: Evropa Sun, 23 Jul 2017 20:00:00 +0200 Kos \u2013 Potem ko so gr\u0161ke oblasti po nalogu Evropske unije z otokov in celine pregnale ve\u010dino nevladnih humanitarnih organizacij, bodo 1. avgusta skrb za begunce in migrante, ki se nahajajo v tako imenovanih vro\u010dih to\u010dkah (hot spots), pravzaprav v zaporih, prevzele gr\u0161ke vladne institucije. Za begunce in migrante, ki so \u017ee dolge mesece ujeti v Gr\u010diji, je to katastrofalna novinca. Gr\u0161ke oblasti niso ne kadrovsko, ne finan\u010dno, ne logisti\u010dno sposobne skrbeti za malo ve\u010d kot 50.000 ljudi na begu, med katerimi jih je ve\u010dina tak\u0161nih, ki so po zaprtju tako imenovane balkanske begunske poti in sprejetju evropsko-tur\u0161kega begunskega dogovora lani spomladi ostali ujeti v obubo\u017eani ju\u017enoevropski dr\u017eavi, med ciljno srednjo in severno Evropo ter iz dneva v dan manj stabilno Tur\u010dijo. Na otokih je v \u00bbnamestitvenih centrih\u00ab zaprtih ve\u010d kot 10.000\u00a0...","thumbnail_url":"https:\/\/hudo.com\/si\/wp-content\/uploads\/sites\/2\/2017\/07\/480x290_rtx2ztte.jpeg","thumbnail_width":480,"thumbnail_height":290}