{"version":"1.0","provider_name":"Hudo Slovenija","provider_url":"https:\/\/hudo.com\/si","author_name":"A. G., STA","author_url":"https:\/\/hudo.com\/si\/author\/alenka\/","title":"Ob odpiranju \u0161ol in vrtcev se ravnateljem odpira veliko vpra\u0161anj - Hudo Slovenija","type":"rich","width":600,"height":338,"html":"<blockquote class=\"wp-embedded-content\" data-secret=\"YsNeyHXUWW\"><a href=\"https:\/\/hudo.com\/si\/aktualno\/ob-odpiranju-sol-vrtcev-se-ravnateljem-odpira-veliko-vprasanj\/\">Ob odpiranju \u0161ol in vrtcev se ravnateljem odpira veliko vpra\u0161anj<\/a><\/blockquote><iframe sandbox=\"allow-scripts\" security=\"restricted\" src=\"https:\/\/hudo.com\/si\/aktualno\/ob-odpiranju-sol-vrtcev-se-ravnateljem-odpira-veliko-vprasanj\/embed\/#?secret=YsNeyHXUWW\" width=\"600\" height=\"338\" title=\"&#8220;Ob odpiranju \u0161ol in vrtcev se ravnateljem odpira veliko vpra\u0161anj&#8221; &#8212; Hudo Slovenija\" data-secret=\"YsNeyHXUWW\" frameborder=\"0\" marginwidth=\"0\" marginheight=\"0\" scrolling=\"no\" class=\"wp-embedded-content\"><\/iframe><script type=\"text\/javascript\">\n\/* <![CDATA[ *\/\n\/*! This file is auto-generated *\/\n!function(d,l){\"use strict\";l.querySelector&&d.addEventListener&&\"undefined\"!=typeof URL&&(d.wp=d.wp||{},d.wp.receiveEmbedMessage||(d.wp.receiveEmbedMessage=function(e){var t=e.data;if((t||t.secret||t.message||t.value)&&!\/[^a-zA-Z0-9]\/.test(t.secret)){for(var s,r,n,a=l.querySelectorAll('iframe[data-secret=\"'+t.secret+'\"]'),o=l.querySelectorAll('blockquote[data-secret=\"'+t.secret+'\"]'),c=new RegExp(\"^https?:$\",\"i\"),i=0;i<o.length;i++)o[i].style.display=\"none\";for(i=0;i<a.length;i++)s=a[i],e.source===s.contentWindow&&(s.removeAttribute(\"style\"),\"height\"===t.message?(1e3<(r=parseInt(t.value,10))?r=1e3:~~r<200&&(r=200),s.height=r):\"link\"===t.message&&(r=new URL(s.getAttribute(\"src\")),n=new URL(t.value),c.test(n.protocol))&&n.host===r.host&&l.activeElement===s&&(d.top.location.href=t.value))}},d.addEventListener(\"message\",d.wp.receiveEmbedMessage,!1),l.addEventListener(\"DOMContentLoaded\",function(){for(var e,t,s=l.querySelectorAll(\"iframe.wp-embedded-content\"),r=0;r<s.length;r++)(t=(e=s[r]).getAttribute(\"data-secret\"))||(t=Math.random().toString(36).substring(2,12),e.src+=\"#?secret=\"+t,e.setAttribute(\"data-secret\",t)),e.contentWindow.postMessage({message:\"ready\",secret:t},\"*\")},!1)))}(window,document);\n\/* ]]> *\/\n<\/script>\n","thumbnail_url":"https:\/\/hudo.com\/si\/wp-content\/uploads\/sites\/2\/2020\/03\/Screenshot-from-2020-03-13-07-52-08.png","thumbnail_width":634,"thumbnail_height":423,"description":"V okviru spro\u0161\u010danja ukrepov v epidemiji bodo \u0161ole in vrtci vrata odprli 18. maja. Odpiranje bo postopno, najprej se bodo v \u0161olo vrnili u\u010denci prve triade ter maturantje, 25. maja pa \u0161e u\u010denci 9. razredov, drugi bodo pouk zaklju\u010dili na daljavo. \"Obstaja veliko vpra\u0161anj, ki terjajo odgovore, kot glede razdeljenosti razredov,\" pravi Gregor Pe\u010dan."}