{"version":"1.0","provider_name":"Hudo Slovenija","provider_url":"https:\/\/hudo.com\/si","author_name":"hudo","author_url":"https:\/\/hudo.com\/si\/author\/hudo\/","title":"Makedonija \u0161e ni ube\u017eala nevarnosti vsesplo\u0161nega kaosa - Hudo Slovenija","type":"rich","width":600,"height":338,"html":"<blockquote class=\"wp-embedded-content\" data-secret=\"RiXcUC5Kjq\"><a href=\"https:\/\/hudo.com\/si\/aktualno\/makedonija-se-ni-ubezala-nevarnosti-vsesplosnega-kaosa\/\">Makedonija \u0161e ni ube\u017eala nevarnosti vsesplo\u0161nega kaosa<\/a><\/blockquote><iframe sandbox=\"allow-scripts\" security=\"restricted\" src=\"https:\/\/hudo.com\/si\/aktualno\/makedonija-se-ni-ubezala-nevarnosti-vsesplosnega-kaosa\/embed\/#?secret=RiXcUC5Kjq\" width=\"600\" height=\"338\" title=\"&#8220;Makedonija \u0161e ni ube\u017eala nevarnosti vsesplo\u0161nega kaosa&#8221; &#8212; Hudo Slovenija\" data-secret=\"RiXcUC5Kjq\" frameborder=\"0\" marginwidth=\"0\" marginheight=\"0\" scrolling=\"no\" class=\"wp-embedded-content\"><\/iframe><script type=\"text\/javascript\">\n\/* <![CDATA[ *\/\n\/*! This file is auto-generated *\/\n!function(d,l){\"use strict\";l.querySelector&&d.addEventListener&&\"undefined\"!=typeof URL&&(d.wp=d.wp||{},d.wp.receiveEmbedMessage||(d.wp.receiveEmbedMessage=function(e){var t=e.data;if((t||t.secret||t.message||t.value)&&!\/[^a-zA-Z0-9]\/.test(t.secret)){for(var s,r,n,a=l.querySelectorAll('iframe[data-secret=\"'+t.secret+'\"]'),o=l.querySelectorAll('blockquote[data-secret=\"'+t.secret+'\"]'),c=new RegExp(\"^https?:$\",\"i\"),i=0;i<o.length;i++)o[i].style.display=\"none\";for(i=0;i<a.length;i++)s=a[i],e.source===s.contentWindow&&(s.removeAttribute(\"style\"),\"height\"===t.message?(1e3<(r=parseInt(t.value,10))?r=1e3:~~r<200&&(r=200),s.height=r):\"link\"===t.message&&(r=new URL(s.getAttribute(\"src\")),n=new URL(t.value),c.test(n.protocol))&&n.host===r.host&&l.activeElement===s&&(d.top.location.href=t.value))}},d.addEventListener(\"message\",d.wp.receiveEmbedMessage,!1),l.addEventListener(\"DOMContentLoaded\",function(){for(var e,t,s=l.querySelectorAll(\"iframe.wp-embedded-content\"),r=0;r<s.length;r++)(t=(e=s[r]).getAttribute(\"data-secret\"))||(t=Math.random().toString(36).substring(2,12),e.src+=\"#?secret=\"+t,e.setAttribute(\"data-secret\",t)),e.contentWindow.postMessage({message:\"ready\",secret:t},\"*\")},!1)))}(window,document);\n\/* ]]> *\/\n<\/script>\n","description":"Kategorija: Evropa Sat, 18 Mar 2017 12:00:00 +0100 Tetovo \u2013 V ospredju makedonske krize sta boj za oblast in strah njenih glavnih akterjev, da bodo kon\u010dali za zapahi.\u00ad Nih\u010de se no\u010de odre\u010di svojemu\u00ad kosu kola\u010da. Kaos \u0161e ni izklju\u010den, \u010dlovekove pravice pa so postranska zadeva, \u010de \u017ee ne kolateralna \u0161koda. Na ulicah Skopja in drugih makedonskih mest se nadaljujejo protesti dr\u017eavljanske pobude Za skupno Makedonijo, ki je predstavila manifest za \u010detrti ilinden. Makedonce pozivajo, naj glasujejo za svobodno, neodvisno in demokrati\u010dno Makedonijo. Poudarili so, da mora ves svet sli\u0161ati, kaj vsebuje \u00bbtiranska platforma\u00ab, ki je bila oblikovana v drugi dr\u017eavi in na pobudo tuje vlade. Manevri za podalj\u0161anje krize Po mnenju \u0161tevilnih Makedoncev in Albancev za protesti stoji doslej vladajo\u010da VMRO-DPMNE, ki pla\u010duje protestnike ali pa jih kako druga\u010de dr\u017ei za vrat. V Prilepu je tako na primer\u00a0...","thumbnail_url":"https:\/\/hudo.com\/si\/wp-content\/uploads\/sites\/2\/2017\/03\/480x290_Delo_Foto-20170313210838-12522000.jpeg","thumbnail_width":480,"thumbnail_height":290}