{"version":"1.0","provider_name":"Hudo Slovenija","provider_url":"https:\/\/hudo.com\/si","author_name":"hudo","author_url":"https:\/\/hudo.com\/si\/author\/hudo\/","title":"\"Ali bo mesto po\u017erlo tudi to?\" - Hudo Slovenija","type":"rich","width":600,"height":338,"html":"<blockquote class=\"wp-embedded-content\" data-secret=\"ibv8vJZ03C\"><a href=\"https:\/\/hudo.com\/si\/aktualno\/ali-bo-mesto-pozrlo-tudi-to\/\">&#8220;Ali bo mesto po\u017erlo tudi to?&#8221;<\/a><\/blockquote><iframe sandbox=\"allow-scripts\" security=\"restricted\" src=\"https:\/\/hudo.com\/si\/aktualno\/ali-bo-mesto-pozrlo-tudi-to\/embed\/#?secret=ibv8vJZ03C\" width=\"600\" height=\"338\" title=\"&#8220;&#8220;Ali bo mesto po\u017erlo tudi to?&#8221;&#8221; &#8212; Hudo Slovenija\" data-secret=\"ibv8vJZ03C\" frameborder=\"0\" marginwidth=\"0\" marginheight=\"0\" scrolling=\"no\" class=\"wp-embedded-content\"><\/iframe><script type=\"text\/javascript\">\n\/* <![CDATA[ *\/\n\/*! This file is auto-generated *\/\n!function(d,l){\"use strict\";l.querySelector&&d.addEventListener&&\"undefined\"!=typeof URL&&(d.wp=d.wp||{},d.wp.receiveEmbedMessage||(d.wp.receiveEmbedMessage=function(e){var t=e.data;if((t||t.secret||t.message||t.value)&&!\/[^a-zA-Z0-9]\/.test(t.secret)){for(var s,r,n,a=l.querySelectorAll('iframe[data-secret=\"'+t.secret+'\"]'),o=l.querySelectorAll('blockquote[data-secret=\"'+t.secret+'\"]'),c=new RegExp(\"^https?:$\",\"i\"),i=0;i<o.length;i++)o[i].style.display=\"none\";for(i=0;i<a.length;i++)s=a[i],e.source===s.contentWindow&&(s.removeAttribute(\"style\"),\"height\"===t.message?(1e3<(r=parseInt(t.value,10))?r=1e3:~~r<200&&(r=200),s.height=r):\"link\"===t.message&&(r=new URL(s.getAttribute(\"src\")),n=new URL(t.value),c.test(n.protocol))&&n.host===r.host&&l.activeElement===s&&(d.top.location.href=t.value))}},d.addEventListener(\"message\",d.wp.receiveEmbedMessage,!1),l.addEventListener(\"DOMContentLoaded\",function(){for(var e,t,s=l.querySelectorAll(\"iframe.wp-embedded-content\"),r=0;r<s.length;r++)(t=(e=s[r]).getAttribute(\"data-secret\"))||(t=Math.random().toString(36).substring(2,12),e.src+=\"#?secret=\"+t,e.setAttribute(\"data-secret\",t)),e.contentWindow.postMessage({message:\"ready\",secret:t},\"*\")},!1)))}(window,document);\n\/* ]]> *\/\n<\/script>\n","description":"\"Ves \u010das vodenja mestne uprave sem si prizadeval za strokovnost in zakonitost dela, kot tudi za smotrnost in gospodarnost odlo\u010ditev, ki jih sprejema uprava v okviru svojih pristojnosti ali predlaga v odlo\u010danje in sprejem mestnemu svetu. Prav zaradi vztrajanja pri teh na\u010delih sem bil tudi razre\u0161en s funkcije direktorja mestne uprave. Ker nisem dovolil nezakonitega in nestrokovnega dela in podtikanja mestnemu svetu v odlo\u010danje za javni interes \u0161kodljivih in nezakonitih odlo\u010ditev. Govorim o soglasju k zadol\u017eevanju za izgradnjo sortirnice, kar je v celoti potrdilo tudi ministrstvo za finance v svojih priporo\u010dilih. Projekt je zavo\u017een, da bolj ne bi mogel biti. Krivdo za to nosijo sicer tudi prej\u0161nje garniture, tako ob\u010dinskega kot vodstva podjetja, saj se zgodba vle\u010de \u017ee od leta 2010. V prvi vrsti \u017eeli projekt izvajati podjetje, ki sploh nima urejenega statusa, saj bi se po veljavnem odloku \u017ee zdavnaj moralo preoblikovati v javno podjetje. Nepravilno je opredeljeno tudi pravno razmerje med ob\u010dino, ki bi morala biti lastnik grajene javne infrastrukture, in podjetjem. Nadalje podjetje ni izdelalo potrebne investicijske dokumentacije in pravilno ocenilo tako fizi\u010dnega kot finan\u010dnega obsega potrebne investicije, zlasti pa ni pravilno prikazalo in ocenilo vpliva na ceno storitve. Tako so vsa tveganja bodo\u010dega poslovanja in izra\u010duna cene storitve ter morebitne potrebne subvencije, ki bosta bremenili tako uporabnike storitev kot tudi ob\u010dinski prora\u010dun, neustrezno ovrednotena in tudi v precej\u0161nji meri neobvladljiva,\" je na facebooku, v dolgem pismu, objavil eden od nekdanjih direktorjev mariborske mestne uprave, od \u017eupana Andreja Fi\u0161travca najprej postavljeni in potem odstavljeni \u017eupan Svete Trojice Darko Fras. Ogla\u0161a se, pi\u0161e, \"ker se v zadnjem \u010dasu zopet v medijih pojavljajo argumentacije \u017eupana Fi\u0161travca, da je moral zamenjati ve\u010d direktorjev uprav, ker niso delali strokovno in zakonito, in da naj bi pri svojem delu ne zasledovali javnega interesa\". V \u010das in veselje mu je bi","thumbnail_url":"https:\/\/hudo.com\/si\/wp-content\/uploads\/sites\/2\/2016\/09\/0421M115-300.jpg","thumbnail_width":450,"thumbnail_height":275}