{"version":"1.0","provider_name":"Hudo Slovenija","provider_url":"https:\/\/hudo.com\/si","author_name":"hudo","author_url":"https:\/\/hudo.com\/si\/author\/hudo\/","title":"Za politi\u010dni azil lahko zaprosi tudi Cerar - Hudo Slovenija","type":"rich","width":600,"height":338,"html":"<blockquote class=\"wp-embedded-content\" data-secret=\"ApYBW73xvp\"><a href=\"https:\/\/hudo.com\/si\/aktualno\/za-politicni-azil-lahko-zaprosi-tudi-cerar\/\">Za politi\u010dni azil lahko zaprosi tudi Cerar<\/a><\/blockquote><iframe sandbox=\"allow-scripts\" security=\"restricted\" src=\"https:\/\/hudo.com\/si\/aktualno\/za-politicni-azil-lahko-zaprosi-tudi-cerar\/embed\/#?secret=ApYBW73xvp\" width=\"600\" height=\"338\" title=\"&#8220;Za politi\u010dni azil lahko zaprosi tudi Cerar&#8221; &#8212; Hudo Slovenija\" data-secret=\"ApYBW73xvp\" frameborder=\"0\" marginwidth=\"0\" marginheight=\"0\" scrolling=\"no\" class=\"wp-embedded-content\"><\/iframe><script type=\"text\/javascript\">\n\/* <![CDATA[ *\/\n\/*! This file is auto-generated *\/\n!function(d,l){\"use strict\";l.querySelector&&d.addEventListener&&\"undefined\"!=typeof URL&&(d.wp=d.wp||{},d.wp.receiveEmbedMessage||(d.wp.receiveEmbedMessage=function(e){var t=e.data;if((t||t.secret||t.message||t.value)&&!\/[^a-zA-Z0-9]\/.test(t.secret)){for(var s,r,n,a=l.querySelectorAll('iframe[data-secret=\"'+t.secret+'\"]'),o=l.querySelectorAll('blockquote[data-secret=\"'+t.secret+'\"]'),c=new RegExp(\"^https?:$\",\"i\"),i=0;i<o.length;i++)o[i].style.display=\"none\";for(i=0;i<a.length;i++)s=a[i],e.source===s.contentWindow&&(s.removeAttribute(\"style\"),\"height\"===t.message?(1e3<(r=parseInt(t.value,10))?r=1e3:~~r<200&&(r=200),s.height=r):\"link\"===t.message&&(r=new URL(s.getAttribute(\"src\")),n=new URL(t.value),c.test(n.protocol))&&n.host===r.host&&l.activeElement===s&&(d.top.location.href=t.value))}},d.addEventListener(\"message\",d.wp.receiveEmbedMessage,!1),l.addEventListener(\"DOMContentLoaded\",function(){for(var e,t,s=l.querySelectorAll(\"iframe.wp-embedded-content\"),r=0;r<s.length;r++)(t=(e=s[r]).getAttribute(\"data-secret\"))||(t=Math.random().toString(36).substring(2,12),e.src+=\"#?secret=\"+t,e.setAttribute(\"data-secret\",t)),e.contentWindow.postMessage({message:\"ready\",secret:t},\"*\")},!1)))}(window,document);\n\/* ]]> *\/\n<\/script>\n","description":"Kategorija: Slovenija Thu, 12 Oct 2017 20:30:00 +0200 Metlika, Semi\u010d \u2013 Pri peninarju Ivanu Simoni\u010du v Semi\u010du so predstavniki Svobodnega belokranjskega ozemlja (SBO) odprli prvo ministrstvo za penjenje, ki bo odgovorno za penjenje \u010dez vse in vsakogar, zaradi izre\u010denih besed pa se ne bo nikoli nikomur ni\u010d hudega zgodilo. Spominsko plo\u0161\u010do sta odkrili semi\u0161ka \u017eupanja Polona Kambi\u010d in Irena Vide.Kambi\u010deva je pri tem izrazila zadovoljstvo, saj so od dr\u017eave zaman \u010dakali na odprtje kak\u0161nega pomembnega urada, na koncu pa so dobili celo ministrstvo, ki bo poskrbelo za zdravje in dobro po\u010dutje njihovih dr\u017eavljanov. Pred tem so na Jugorju v gosti\u0161\u010du Badovinac predstavili potne liste SBO, ki jih izdaja lastnik hrama in prvi carinik Peter Badovinac. Poleg tega pazi, da ljudje ne uva\u017eajo dolenjskega cvi\u010dka, ki je v de\u017eeli metli\u0161ke \u010drnine strogo prepovedan. Koliko potnih listov je doslej izdal,\u00a0...","thumbnail_url":"https:\/\/hudo.com\/si\/wp-content\/uploads\/sites\/2\/2017\/10\/480x290_Sl_dopisnistvo__Delo_Foto_2.28_hires0-1.jpeg","thumbnail_width":480,"thumbnail_height":290}